{"id":28,"date":"2012-05-29T13:14:00","date_gmt":"2012-05-29T11:14:00","guid":{"rendered":"http:\/\/www.persasen.se\/utveckling\/wordpress\/?page_id=28"},"modified":"2024-01-29T11:43:12","modified_gmt":"2024-01-29T09:43:12","slug":"boende","status":"publish","type":"page","link":"https:\/\/www.persasen.se\/wordpress\/boende\/","title":{"rendered":"Boende hos oss"},"content":{"rendered":"\n<p class=\"has-text-align-left\"><strong><em>V\u00e4lkomna till v\u00e5ra hotellrum,&nbsp;nyrenoverade stugor och svit.&nbsp;<\/em><\/strong><br><strong><em>Stugorna g\u00e5r \u00e4ven&nbsp;att boka som STF vandrarhem!<br>Sommartid har vi \u00e4ven rum med 2-4 b\u00e4ddar f\u00f6r sj\u00e4lvservice.<\/em><\/strong><\/p>\n\n\n\n<p class=\"has-text-align-center\"><a href=\"https:\/\/online.bookvisit.com\/accommodation\/list?channelId=9ef3a2bd-cd2e-4608-b5c4-02294b9aecef\" target=\"_blank\" rel=\"noreferrer noopener\">Boka boende Online<\/a><\/p>\n\n\n\n<p><\/p>\n\n\n\n<!--more-->\n\n\n\n<p>Inte l\u00e5ngt fr\u00e5n Oviken i&nbsp;Pers\u00e5sen hittar du en vacker och rofylld boendemilj\u00f6, n\u00e4ra b\u00e5de sj\u00f6 och fj\u00e4ll. Alla v\u00e5ra boenden \u00e4r inredda i tr\u00e4. Om du tittar noga kanske du kan urskilja flera olika tr\u00e4slag och detaljer som tr\u00e4f\u00f6rsedda lysknappar och sm\u00e5 tuppar som tittar fram bakom gardinen. V\u00e4lj mellan att bo p\u00e5 hotell, i nyrenoverad stuga eller vandrarhem.&nbsp;Eller varf\u00f6r inte unna&nbsp;dig lite lyx och boka&nbsp;br\u00f6llopssviten f\u00f6r en eller flera n\u00e4tter. Hos oss bor du mysigt och ombonat n\u00e4ra naturen. Kom ih\u00e5g att ni bor f\u00f6r ett l\u00e4gre pris, i Pers\u00e5sen men \u00e4ven p\u00e5 ett stort antal andra anl\u00e4ggningar, om ni \u00e4r medlemmar i STF, Svenska Turistf\u00f6reningen. F\u00f6r mer information kring medlemskap g\u00e5 in p\u00e5 STFs hemsida: <a title=\"Svenska Turistf\u00f6reningen\" href=\"http:\/\/www.svenskaturistforeningen.se\/sv\/\" target=\"_blank\" rel=\"noopener noreferrer\">www.stfturist.se <\/a>Vi finns ca 6 mil sydv\u00e4st om \u00d6stersund och 2 mil norr om Svenstavik.<\/p>\n\n\n\n<figure class=\"wp-block-gallery aligncenter columns-3 is-cropped wp-block-gallery-1 is-layout-flex wp-block-gallery-is-layout-flex\"><ul class=\"blocks-gallery-grid\"><li class=\"blocks-gallery-item\"><figure><a href=\"https:\/\/www.persasen.se\/wordpress\/wp-content\/uploads\/2024\/01\/Stuga-utifran-1-1024x655.jpg\"><img loading=\"lazy\" decoding=\"async\" width=\"1024\" height=\"655\" src=\"https:\/\/www.persasen.se\/wordpress\/wp-content\/uploads\/2024\/01\/Stuga-utifran-1-1024x655.jpg\" alt=\"\" data-id=\"3321\" data-link=\"https:\/\/www.persasen.se\/wordpress\/boende\/stuga-utifran-1\/\" class=\"wp-image-3321\" srcset=\"https:\/\/www.persasen.se\/wordpress\/wp-content\/uploads\/2024\/01\/Stuga-utifran-1-1024x655.jpg 1024w, https:\/\/www.persasen.se\/wordpress\/wp-content\/uploads\/2024\/01\/Stuga-utifran-1-300x192.jpg 300w, https:\/\/www.persasen.se\/wordpress\/wp-content\/uploads\/2024\/01\/Stuga-utifran-1-768x491.jpg 768w, https:\/\/www.persasen.se\/wordpress\/wp-content\/uploads\/2024\/01\/Stuga-utifran-1.jpg 1121w\" sizes=\"(max-width: 1024px) 100vw, 1024px\" \/><\/a><\/figure><\/li><li class=\"blocks-gallery-item\"><figure><a href=\"https:\/\/www.persasen.se\/wordpress\/wp-content\/uploads\/2024\/01\/Hostbild-stugor-2020-1024x485.jpg\"><img loading=\"lazy\" decoding=\"async\" width=\"1024\" height=\"485\" src=\"https:\/\/www.persasen.se\/wordpress\/wp-content\/uploads\/2024\/01\/Hostbild-stugor-2020-1024x485.jpg\" alt=\"\" data-id=\"3308\" data-link=\"https:\/\/www.persasen.se\/wordpress\/aktuellt-2021\/hostbild-stugor-2020\/\" class=\"wp-image-3308\" srcset=\"https:\/\/www.persasen.se\/wordpress\/wp-content\/uploads\/2024\/01\/Hostbild-stugor-2020-1024x485.jpg 1024w, https:\/\/www.persasen.se\/wordpress\/wp-content\/uploads\/2024\/01\/Hostbild-stugor-2020-300x142.jpg 300w, https:\/\/www.persasen.se\/wordpress\/wp-content\/uploads\/2024\/01\/Hostbild-stugor-2020-768x364.jpg 768w, https:\/\/www.persasen.se\/wordpress\/wp-content\/uploads\/2024\/01\/Hostbild-stugor-2020-1536x727.jpg 1536w, https:\/\/www.persasen.se\/wordpress\/wp-content\/uploads\/2024\/01\/Hostbild-stugor-2020-1800x852.jpg 1800w, https:\/\/www.persasen.se\/wordpress\/wp-content\/uploads\/2024\/01\/Hostbild-stugor-2020.jpg 1865w\" sizes=\"(max-width: 1024px) 100vw, 1024px\" \/><\/a><\/figure><\/li><li class=\"blocks-gallery-item\"><figure><a href=\"https:\/\/www.persasen.se\/wordpress\/wp-content\/uploads\/2024\/01\/Stuga-kok-2014-1024x595.jpg\"><img loading=\"lazy\" decoding=\"async\" width=\"1024\" height=\"595\" src=\"https:\/\/www.persasen.se\/wordpress\/wp-content\/uploads\/2024\/01\/Stuga-kok-2014-1024x595.jpg\" alt=\"\" data-id=\"3309\" data-link=\"https:\/\/www.persasen.se\/wordpress\/aktuellt-2021\/stuga-kok-2014-2\/\" class=\"wp-image-3309\" srcset=\"https:\/\/www.persasen.se\/wordpress\/wp-content\/uploads\/2024\/01\/Stuga-kok-2014-1024x595.jpg 1024w, https:\/\/www.persasen.se\/wordpress\/wp-content\/uploads\/2024\/01\/Stuga-kok-2014-300x174.jpg 300w, https:\/\/www.persasen.se\/wordpress\/wp-content\/uploads\/2024\/01\/Stuga-kok-2014-768x446.jpg 768w, https:\/\/www.persasen.se\/wordpress\/wp-content\/uploads\/2024\/01\/Stuga-kok-2014.jpg 1280w\" sizes=\"(max-width: 1024px) 100vw, 1024px\" \/><\/a><\/figure><\/li><li class=\"blocks-gallery-item\"><figure><a href=\"https:\/\/www.persasen.se\/wordpress\/wp-content\/uploads\/2024\/01\/20190523_101100-1-1024x576.jpg\"><img loading=\"lazy\" decoding=\"async\" width=\"1024\" height=\"576\" src=\"https:\/\/www.persasen.se\/wordpress\/wp-content\/uploads\/2024\/01\/20190523_101100-1-1024x576.jpg\" alt=\"\" data-id=\"3327\" data-link=\"https:\/\/www.persasen.se\/wordpress\/boende\/20190523_101100-1\/\" class=\"wp-image-3327\" srcset=\"https:\/\/www.persasen.se\/wordpress\/wp-content\/uploads\/2024\/01\/20190523_101100-1-1024x576.jpg 1024w, https:\/\/www.persasen.se\/wordpress\/wp-content\/uploads\/2024\/01\/20190523_101100-1-300x169.jpg 300w, https:\/\/www.persasen.se\/wordpress\/wp-content\/uploads\/2024\/01\/20190523_101100-1-768x432.jpg 768w, https:\/\/www.persasen.se\/wordpress\/wp-content\/uploads\/2024\/01\/20190523_101100-1-1536x864.jpg 1536w, https:\/\/www.persasen.se\/wordpress\/wp-content\/uploads\/2024\/01\/20190523_101100-1.jpg 1660w\" sizes=\"(max-width: 1024px) 100vw, 1024px\" \/><\/a><\/figure><\/li><li class=\"blocks-gallery-item\"><figure><a href=\"https:\/\/www.persasen.se\/wordpress\/wp-content\/uploads\/2024\/01\/Rum-40-1024x576.jpg\"><img loading=\"lazy\" decoding=\"async\" width=\"1024\" height=\"576\" src=\"https:\/\/www.persasen.se\/wordpress\/wp-content\/uploads\/2024\/01\/Rum-40-1024x576.jpg\" alt=\"\" data-id=\"3328\" data-link=\"https:\/\/www.persasen.se\/wordpress\/boende\/rum-40-4\/\" class=\"wp-image-3328\" srcset=\"https:\/\/www.persasen.se\/wordpress\/wp-content\/uploads\/2024\/01\/Rum-40-1024x576.jpg 1024w, https:\/\/www.persasen.se\/wordpress\/wp-content\/uploads\/2024\/01\/Rum-40-300x169.jpg 300w, https:\/\/www.persasen.se\/wordpress\/wp-content\/uploads\/2024\/01\/Rum-40-768x432.jpg 768w, https:\/\/www.persasen.se\/wordpress\/wp-content\/uploads\/2024\/01\/Rum-40-1536x864.jpg 1536w, https:\/\/www.persasen.se\/wordpress\/wp-content\/uploads\/2024\/01\/Rum-40.jpg 1660w\" sizes=\"(max-width: 1024px) 100vw, 1024px\" \/><\/a><\/figure><\/li><li class=\"blocks-gallery-item\"><figure><a href=\"https:\/\/www.persasen.se\/wordpress\/wp-content\/uploads\/2024\/01\/Rum-44-entre-1.jpg\"><img loading=\"lazy\" decoding=\"async\" width=\"1024\" height=\"576\" src=\"https:\/\/www.persasen.se\/wordpress\/wp-content\/uploads\/2024\/01\/Rum-44-entre-1-1024x576.jpg\" alt=\"\" data-id=\"3329\" data-full-url=\"https:\/\/www.persasen.se\/wordpress\/wp-content\/uploads\/2024\/01\/Rum-44-entre-1.jpg\" data-link=\"https:\/\/www.persasen.se\/wordpress\/boende\/rum-44-entre-1\/\" class=\"wp-image-3329\" srcset=\"https:\/\/www.persasen.se\/wordpress\/wp-content\/uploads\/2024\/01\/Rum-44-entre-1-1024x576.jpg 1024w, https:\/\/www.persasen.se\/wordpress\/wp-content\/uploads\/2024\/01\/Rum-44-entre-1-300x169.jpg 300w, https:\/\/www.persasen.se\/wordpress\/wp-content\/uploads\/2024\/01\/Rum-44-entre-1-768x432.jpg 768w, https:\/\/www.persasen.se\/wordpress\/wp-content\/uploads\/2024\/01\/Rum-44-entre-1-1536x864.jpg 1536w, https:\/\/www.persasen.se\/wordpress\/wp-content\/uploads\/2024\/01\/Rum-44-entre-1.jpg 1660w\" sizes=\"(max-width: 1024px) 100vw, 1024px\" \/><\/a><\/figure><\/li><\/ul><figcaption class=\"blocks-gallery-caption\">V\u00e5ra stugor och n\u00e5gra bilder fr\u00e5n v\u00e5ra hotellrum.<\/figcaption><\/figure>\n\n\n\n<p class=\"has-text-align-center\"><strong><em><strong><em><strong><em><strong><em>Observera att restaurangen har s\u00e4songsanpassade \u00f6ppettider.<br>Ring 0643-44 55 50 f\u00f6r mer info om v\u00e5ra \u00f6ppettider,<br>eller anv\u00e4nd genv\u00e4gen till \u00f6ppettiderna. Finns l\u00e4ngst ned p\u00e5 denna sida.<\/em><\/strong><\/em><\/strong><\/em><\/strong><\/em><\/strong><\/p>\n\n\n\n<p class=\"has-text-align-center\"><strong><em><strong><em><strong><em><strong><em><br><\/em><\/strong><\/em><\/strong><\/em><\/strong><\/em><\/strong><\/p>\n\n\n\n<p><\/p>\n\n\n\n<h1 class=\"wp-block-heading\">Upplevelser<\/h1>\n\n\n\n<p>Hos oss bor du natursk\u00f6nt med bra geografiskt l\u00e4ge f\u00f6r dagsutflykter runt den vackra Storsj\u00f6bygden och&nbsp;Oviksfj\u00e4llen.<\/p>\n\n\n\n<p>Runt knuten b\u00f6rjar F\u00e4bodv\u00e4gen, en slingrande grusv\u00e4g mot B\u00f6rtnan som kantas av Ovikens m\u00e5nga f\u00e4bodar. Ett par av dem \u00e4r fortfarande levande och h\u00e5ller \u00f6ppet under sommarhalv\u00e5ret.<\/p>\n\n\n\n<p>P\u00e5 Pers\u00e5sens egen kulturvandring kan du l\u00e4ra dig mer om historiken kring Pers\u00e5sens by.<\/p>\n\n\n\n<p>Pers\u00e5sen utg\u00f6r ocks\u00e5 porten till Oviksfj\u00e4llen, d\u00e4r du kan \u00e5ka skidor p\u00e5 vintern och g\u00f6ra naturn\u00e4ra vandringar p\u00e5 sommaren. Eller g\u00f6r en utflykt till Hoverberget med fantastisk milj\u00f6 f\u00f6r utflykter servering med h\u00e4nf\u00f6rande utsikt p\u00e5 toppen. Bes\u00f6k \u00e4ven Hoverbergsgrottan, landets st\u00f6rsta klyftgrotta.<\/p>\n\n\n\n<p>Du f\u00e5r veta mer om omgivningarna och v\u00e5r verksamhet om du f\u00f6ljer med p\u00e5 en ber\u00e4ttarstund, som kan f\u00f6rbokas. Kontakta oss f\u00f6r priser och bokning<\/p>\n\n\n\n<figure class=\"wp-block-gallery columns-3 is-cropped wp-block-gallery-2 is-layout-flex wp-block-gallery-is-layout-flex\"><ul class=\"blocks-gallery-grid\"><li class=\"blocks-gallery-item\"><figure><a href=\"https:\/\/www.persasen.se\/wordpress\/wp-content\/uploads\/2024\/01\/M5B5515.jpeg\"><img loading=\"lazy\" decoding=\"async\" width=\"800\" height=\"553\" src=\"https:\/\/www.persasen.se\/wordpress\/wp-content\/uploads\/2024\/01\/M5B5515.jpeg\" alt=\"\" data-id=\"3335\" data-link=\"https:\/\/www.persasen.se\/wordpress\/boende\/m5b5515-4\/\" class=\"wp-image-3335\" srcset=\"https:\/\/www.persasen.se\/wordpress\/wp-content\/uploads\/2024\/01\/M5B5515.jpeg 800w, https:\/\/www.persasen.se\/wordpress\/wp-content\/uploads\/2024\/01\/M5B5515-300x207.jpeg 300w, https:\/\/www.persasen.se\/wordpress\/wp-content\/uploads\/2024\/01\/M5B5515-768x531.jpeg 768w\" sizes=\"(max-width: 800px) 100vw, 800px\" \/><\/a><figcaption class=\"blocks-gallery-item__caption\">K\u00e4lkaktivitet i Pers\u00e5sbacken<\/figcaption><\/figure><\/li><li class=\"blocks-gallery-item\"><figure><a href=\"https:\/\/www.persasen.se\/wordpress\/wp-content\/uploads\/2024\/01\/Leif-i-berattartagen-736x1024.jpg\"><img loading=\"lazy\" decoding=\"async\" width=\"736\" height=\"1024\" src=\"https:\/\/www.persasen.se\/wordpress\/wp-content\/uploads\/2024\/01\/Leif-i-berattartagen-736x1024.jpg\" alt=\"\" data-id=\"3336\" data-link=\"https:\/\/www.persasen.se\/wordpress\/boende\/leif-i-berattartagen-2\/\" class=\"wp-image-3336\" srcset=\"https:\/\/www.persasen.se\/wordpress\/wp-content\/uploads\/2024\/01\/Leif-i-berattartagen-736x1024.jpg 736w, https:\/\/www.persasen.se\/wordpress\/wp-content\/uploads\/2024\/01\/Leif-i-berattartagen-216x300.jpg 216w, https:\/\/www.persasen.se\/wordpress\/wp-content\/uploads\/2024\/01\/Leif-i-berattartagen-768x1068.jpg 768w, https:\/\/www.persasen.se\/wordpress\/wp-content\/uploads\/2024\/01\/Leif-i-berattartagen-1104x1536.jpg 1104w, https:\/\/www.persasen.se\/wordpress\/wp-content\/uploads\/2024\/01\/Leif-i-berattartagen-1472x2048.jpg 1472w, https:\/\/www.persasen.se\/wordpress\/wp-content\/uploads\/2024\/01\/Leif-i-berattartagen-1294x1800.jpg 1294w, https:\/\/www.persasen.se\/wordpress\/wp-content\/uploads\/2024\/01\/Leif-i-berattartagen-863x1200.jpg 863w, https:\/\/www.persasen.se\/wordpress\/wp-content\/uploads\/2024\/01\/Leif-i-berattartagen-scaled.jpg 1840w\" sizes=\"(max-width: 736px) 100vw, 736px\" \/><\/a><figcaption class=\"blocks-gallery-item__caption\">Ber\u00e4ttarstund av Leif Wikner<\/figcaption><\/figure><\/li><li class=\"blocks-gallery-item\"><figure><a href=\"https:\/\/www.persasen.se\/wordpress\/wp-content\/uploads\/2024\/01\/Berattarstund-i-verkstaden-3-scaled.jpg\"><img loading=\"lazy\" decoding=\"async\" width=\"1024\" height=\"685\" src=\"https:\/\/www.persasen.se\/wordpress\/wp-content\/uploads\/2024\/01\/Berattarstund-i-verkstaden-3-1024x685.jpg\" alt=\"\" data-id=\"3337\" data-full-url=\"https:\/\/www.persasen.se\/wordpress\/wp-content\/uploads\/2024\/01\/Berattarstund-i-verkstaden-3-scaled.jpg\" data-link=\"https:\/\/www.persasen.se\/wordpress\/boende\/berattarstund-i-verkstaden-3\/\" class=\"wp-image-3337\" srcset=\"https:\/\/www.persasen.se\/wordpress\/wp-content\/uploads\/2024\/01\/Berattarstund-i-verkstaden-3-1024x685.jpg 1024w, https:\/\/www.persasen.se\/wordpress\/wp-content\/uploads\/2024\/01\/Berattarstund-i-verkstaden-3-300x201.jpg 300w, https:\/\/www.persasen.se\/wordpress\/wp-content\/uploads\/2024\/01\/Berattarstund-i-verkstaden-3-768x514.jpg 768w, https:\/\/www.persasen.se\/wordpress\/wp-content\/uploads\/2024\/01\/Berattarstund-i-verkstaden-3-1536x1028.jpg 1536w, https:\/\/www.persasen.se\/wordpress\/wp-content\/uploads\/2024\/01\/Berattarstund-i-verkstaden-3-2048x1371.jpg 2048w, https:\/\/www.persasen.se\/wordpress\/wp-content\/uploads\/2024\/01\/Berattarstund-i-verkstaden-3-1793x1200.jpg 1793w\" sizes=\"(max-width: 1024px) 100vw, 1024px\" \/><\/a><figcaption class=\"blocks-gallery-item__caption\">Ber\u00e4ttarstund <\/figcaption><\/figure><\/li><\/ul><\/figure>\n\n\n\n<h1 class=\"wp-block-heading\">Aktiviter &amp; Konferenser<\/h1>\n\n\n\n<p>Vi tar emot grupper f\u00f6r konferenser och teambuilding.<\/p>\n\n\n\n<figure class=\"wp-block-gallery columns-3 is-cropped wp-block-gallery-3 is-layout-flex wp-block-gallery-is-layout-flex\"><ul class=\"blocks-gallery-grid\"><li class=\"blocks-gallery-item\"><figure><a href=\"https:\/\/www.persasen.se\/wordpress\/wp-content\/uploads\/2024\/01\/IMG_2865-1024x683.jpg\"><img loading=\"lazy\" decoding=\"async\" width=\"1024\" height=\"683\" src=\"https:\/\/www.persasen.se\/wordpress\/wp-content\/uploads\/2024\/01\/IMG_2865-1024x683.jpg\" alt=\"\" data-id=\"3322\" data-link=\"https:\/\/www.persasen.se\/wordpress\/boende\/img_2865\/\" class=\"wp-image-3322\" srcset=\"https:\/\/www.persasen.se\/wordpress\/wp-content\/uploads\/2024\/01\/IMG_2865-1024x683.jpg 1024w, https:\/\/www.persasen.se\/wordpress\/wp-content\/uploads\/2024\/01\/IMG_2865-300x200.jpg 300w, https:\/\/www.persasen.se\/wordpress\/wp-content\/uploads\/2024\/01\/IMG_2865-768x512.jpg 768w, https:\/\/www.persasen.se\/wordpress\/wp-content\/uploads\/2024\/01\/IMG_2865-1536x1024.jpg 1536w, https:\/\/www.persasen.se\/wordpress\/wp-content\/uploads\/2024\/01\/IMG_2865-2048x1365.jpg 2048w, https:\/\/www.persasen.se\/wordpress\/wp-content\/uploads\/2024\/01\/IMG_2865-1800x1200.jpg 1800w\" sizes=\"(max-width: 1024px) 100vw, 1024px\" \/><\/a><\/figure><\/li><li class=\"blocks-gallery-item\"><figure><a href=\"https:\/\/www.persasen.se\/wordpress\/wp-content\/uploads\/2024\/01\/Skarbrade-klart-ungdomar.jpg\"><img loading=\"lazy\" decoding=\"async\" width=\"528\" height=\"939\" src=\"https:\/\/www.persasen.se\/wordpress\/wp-content\/uploads\/2024\/01\/Skarbrade-klart-ungdomar.jpg\" alt=\"\" data-id=\"3324\" data-link=\"https:\/\/www.persasen.se\/wordpress\/boende\/skarbrade-klart-ungdomar\/\" class=\"wp-image-3324\" srcset=\"https:\/\/www.persasen.se\/wordpress\/wp-content\/uploads\/2024\/01\/Skarbrade-klart-ungdomar.jpg 528w, https:\/\/www.persasen.se\/wordpress\/wp-content\/uploads\/2024\/01\/Skarbrade-klart-ungdomar-169x300.jpg 169w\" sizes=\"(max-width: 528px) 100vw, 528px\" \/><\/a><\/figure><\/li><li class=\"blocks-gallery-item\"><figure><a href=\"https:\/\/www.persasen.se\/wordpress\/wp-content\/uploads\/2024\/01\/20240108_180151-scaled.jpg\"><img loading=\"lazy\" decoding=\"async\" width=\"1024\" height=\"768\" src=\"https:\/\/www.persasen.se\/wordpress\/wp-content\/uploads\/2024\/01\/20240108_180151-1024x768.jpg\" alt=\"\" data-id=\"3325\" data-full-url=\"https:\/\/www.persasen.se\/wordpress\/wp-content\/uploads\/2024\/01\/20240108_180151-scaled.jpg\" data-link=\"https:\/\/www.persasen.se\/wordpress\/boende\/20240108_180151\/\" class=\"wp-image-3325\" srcset=\"https:\/\/www.persasen.se\/wordpress\/wp-content\/uploads\/2024\/01\/20240108_180151-1024x768.jpg 1024w, https:\/\/www.persasen.se\/wordpress\/wp-content\/uploads\/2024\/01\/20240108_180151-300x225.jpg 300w, https:\/\/www.persasen.se\/wordpress\/wp-content\/uploads\/2024\/01\/20240108_180151-768x576.jpg 768w, https:\/\/www.persasen.se\/wordpress\/wp-content\/uploads\/2024\/01\/20240108_180151-1536x1152.jpg 1536w, https:\/\/www.persasen.se\/wordpress\/wp-content\/uploads\/2024\/01\/20240108_180151-2048x1536.jpg 2048w, https:\/\/www.persasen.se\/wordpress\/wp-content\/uploads\/2024\/01\/20240108_180151-1600x1200.jpg 1600w\" sizes=\"(max-width: 1024px) 100vw, 1024px\" \/><\/a><\/figure><\/li><li class=\"blocks-gallery-item\"><figure><a href=\"https:\/\/www.persasen.se\/wordpress\/wp-content\/uploads\/2024\/01\/verkstad2-1024x391.jpg\"><img loading=\"lazy\" decoding=\"async\" width=\"1024\" height=\"391\" src=\"https:\/\/www.persasen.se\/wordpress\/wp-content\/uploads\/2024\/01\/verkstad2-1024x391.jpg\" alt=\"\" data-id=\"3323\" data-link=\"https:\/\/www.persasen.se\/wordpress\/boende\/verkstad2\/\" class=\"wp-image-3323\" srcset=\"https:\/\/www.persasen.se\/wordpress\/wp-content\/uploads\/2024\/01\/verkstad2-1024x391.jpg 1024w, https:\/\/www.persasen.se\/wordpress\/wp-content\/uploads\/2024\/01\/verkstad2-300x115.jpg 300w, https:\/\/www.persasen.se\/wordpress\/wp-content\/uploads\/2024\/01\/verkstad2-768x293.jpg 768w, https:\/\/www.persasen.se\/wordpress\/wp-content\/uploads\/2024\/01\/verkstad2-1536x586.jpg 1536w, https:\/\/www.persasen.se\/wordpress\/wp-content\/uploads\/2024\/01\/verkstad2-2048x782.jpg 2048w, https:\/\/www.persasen.se\/wordpress\/wp-content\/uploads\/2024\/01\/verkstad2-1800x687.jpg 1800w\" sizes=\"(max-width: 1024px) 100vw, 1024px\" \/><\/a><\/figure><\/li><\/ul><figcaption class=\"blocks-gallery-caption\">H\u00e4r \u00e4r n\u00e5gra bilder fr\u00e5n n\u00e5gra konferensaktiviteter vi har haft.<\/figcaption><\/figure>\n\n\n\n<p>Umg\u00e5s i en inspirerande och avskiljd milj\u00f6 utan yttre st\u00f6rningar och med m\u00e5nga m\u00f6jligheter till aktiviteter. Ni \u00e4ter gott, bor tillsammans och g\u00f6r kreativa aktiviteter ihop i en stimulerande atmosf\u00e4r. H\u00e4r kan ni till exempel prova att sl\u00f6jda ert eget sk\u00e4rbr\u00e4de, ha smakprovning av lokal mat och \u00e5ka utf\u00f6r i svindlande fart i Pers\u00e5sens popul\u00e4ra k\u00e4lkbacke vintertid.&nbsp;P\u00e5 kv\u00e4llen kan ni koppla av framf\u00f6r brasan i v\u00e5r stora matsal och och samtala om dagens upplevelser.<\/p>\n\n\n\n<p>Vi skr\u00e4ddarsyr konferensen efter era \u00f6nskem\u00e5l och v\u00e5ra m\u00f6jligheter i verkstaden, restaurangen med lokalproducerad mat och \u00e5rstidernas v\u00e4xlingar i naturen.<\/p>\n\n\n\n<p>Kontakta oss p\u00e5: info@persasen.se eller ring p\u00e5 0643445550.&nbsp;<\/p>\n\n\n\n<h1 class=\"wp-block-heading\">Konferenslokaler<\/h1>\n\n\n\n<p>Inspirerande konst- och hantverksmilj\u00f6. 4 konferenslokaler Den st\u00f6rsta lokalen tar 110 personer. Den minsta \u00e4r l\u00e4mplig f\u00f6r max 20 personer. Vi kan \u00e4ven erbjuda grupprum och kursledarrum vid behov. Alla lokalerna har videoprojektor samt white-board p\u00e5 hjul&nbsp;med bl\u00e4dderblock.<\/p>\n\n\n\n<p><strong>Hantverkslokalen<\/strong><\/p>\n\n\n\n<figure class=\"wp-block-table\"><table><tbody><tr><td><a href=\"http:\/\/www.persasen.se\/wordpress\/wp-content\/uploads\/2012\/05\/symbol_skolsittning_2.gif\"><\/a><\/td><td><img decoding=\"async\" src=\"http:\/\/www.persasen.se\/wordpress\/wp-content\/uploads\/2012\/05\/symbol_oar_2.gif\" alt=\"\"><\/td><td><img decoding=\"async\" src=\"http:\/\/www.persasen.se\/wordpress\/wp-content\/uploads\/2012\/05\/symbol_styrelse_2.gif\" alt=\"\"><\/td><td><img decoding=\"async\" src=\"http:\/\/www.persasen.se\/wordpress\/wp-content\/uploads\/2012\/05\/symbol_biosittning_2.gif\" alt=\"\"><\/td><td><img decoding=\"async\" src=\"http:\/\/www.persasen.se\/wordpress\/wp-content\/uploads\/2012\/05\/symbol_biosittning_2.gif\" alt=\"\"><\/td><\/tr><tr><td>70 st<\/td><td>40 st<\/td><td>30 st<\/td><td>30 st<\/td><td>110 st<\/td><\/tr><\/tbody><\/table><\/figure>\n\n\n\n<p><strong>Lionlokalen<\/strong><\/p>\n\n\n\n<figure class=\"wp-block-table\"><table><tbody><tr><td><a href=\"http:\/\/www.persasen.se\/wordpress\/wp-content\/uploads\/2012\/05\/symbol_skolsittning_2.gif\"><\/a><\/td><td><img decoding=\"async\" src=\"http:\/\/www.persasen.se\/wordpress\/wp-content\/uploads\/2012\/05\/symbol_oar_2.gif\" alt=\"\"><\/td><td><img decoding=\"async\" src=\"http:\/\/www.persasen.se\/wordpress\/wp-content\/uploads\/2012\/05\/symbol_styrelse_2.gif\" alt=\"\"><\/td><td><img decoding=\"async\" src=\"http:\/\/www.persasen.se\/wordpress\/wp-content\/uploads\/2012\/05\/symbol_biosittning_2.gif\" alt=\"\"><\/td><td><img decoding=\"async\" src=\"http:\/\/www.persasen.se\/wordpress\/wp-content\/uploads\/2012\/05\/symbol_biosittning_2.gif\" alt=\"\"><\/td><\/tr><tr><td>14 st<\/td><td>&#8211;<\/td><td>16 st<\/td><td>16 st<\/td><td>16 st<\/td><\/tr><\/tbody><\/table><\/figure>\n\n\n\n<p><strong>Bildspelsrummet<\/strong><\/p>\n\n\n\n<figure class=\"wp-block-table\"><table><tbody><tr><td><a href=\"http:\/\/www.persasen.se\/wordpress\/wp-content\/uploads\/2012\/05\/symbol_skolsittning_2.gif\"><\/a><\/td><td><img decoding=\"async\" src=\"http:\/\/www.persasen.se\/wordpress\/wp-content\/uploads\/2012\/05\/symbol_oar_2.gif\" alt=\"\"><\/td><td><img decoding=\"async\" src=\"http:\/\/www.persasen.se\/wordpress\/wp-content\/uploads\/2012\/05\/symbol_styrelse_2.gif\" alt=\"\"><\/td><td><img decoding=\"async\" src=\"http:\/\/www.persasen.se\/wordpress\/wp-content\/uploads\/2012\/05\/symbol_biosittning_2.gif\" alt=\"\"><\/td><td><img decoding=\"async\" src=\"http:\/\/www.persasen.se\/wordpress\/wp-content\/uploads\/2012\/05\/symbol_biosittning_2.gif\" alt=\"\"><\/td><\/tr><tr><td>50 st<\/td><td>30 st<\/td><td>30 st<\/td><td>30 st<\/td><td>100 st<\/td><\/tr><\/tbody><\/table><\/figure>\n\n\n\n<p><\/p>\n\n\n\n<div class=\"wp-block-image\"><figure class=\"aligncenter\"><a href=\"http:\/\/www.persasen.se\/wordpress\/wp-content\/uploads\/2012\/05\/utsikt.jpg\"><img loading=\"lazy\" decoding=\"async\" width=\"300\" height=\"193\" src=\"http:\/\/www.persasen.se\/wordpress\/wp-content\/uploads\/2012\/05\/utsikt-300x193.jpg\" alt=\"utsikt\" class=\"wp-image-1631\" srcset=\"https:\/\/www.persasen.se\/wordpress\/wp-content\/uploads\/2012\/05\/utsikt-300x193.jpg 300w, https:\/\/www.persasen.se\/wordpress\/wp-content\/uploads\/2012\/05\/utsikt-1024x660.jpg 1024w, https:\/\/www.persasen.se\/wordpress\/wp-content\/uploads\/2012\/05\/utsikt.jpg 1386w\" sizes=\"(max-width: 300px) 100vw, 300px\" \/><\/a><\/figure><\/div>\n\n\n\n<div class=\"wp-block-image\"><figure class=\"aligncenter\"><a href=\"http:\/\/www.persasen.se\/wordpress\/wp-content\/uploads\/2012\/05\/Stuga-2014-k\u00f6k-1.jpg\"><img loading=\"lazy\" decoding=\"async\" width=\"300\" height=\"174\" src=\"http:\/\/www.persasen.se\/wordpress\/wp-content\/uploads\/2012\/05\/Stuga-2014-k\u00f6k-1-300x174.jpg\" alt=\"Stuga 2014 k\u00f6k 1\" class=\"wp-image-1553\" srcset=\"https:\/\/www.persasen.se\/wordpress\/wp-content\/uploads\/2012\/05\/Stuga-2014-k\u00f6k-1-300x174.jpg 300w, https:\/\/www.persasen.se\/wordpress\/wp-content\/uploads\/2012\/05\/Stuga-2014-k\u00f6k-1-1024x595.jpg 1024w\" sizes=\"(max-width: 300px) 100vw, 300px\" \/><\/a><\/figure><\/div>\n\n\n\n<div class=\"wp-block-image\"><figure class=\"aligncenter\"><a href=\"http:\/\/www.persasen.se\/wordpress\/wp-content\/uploads\/2012\/05\/Stuga-2014-rum-Beskuren.jpg\"><img loading=\"lazy\" decoding=\"async\" width=\"300\" height=\"171\" src=\"http:\/\/www.persasen.se\/wordpress\/wp-content\/uploads\/2012\/05\/Stuga-2014-rum-Beskuren-300x171.jpg\" alt=\"Interi\u00f6r i nyrenoverad vandrarhemsstuga.\" class=\"wp-image-1551\" srcset=\"https:\/\/www.persasen.se\/wordpress\/wp-content\/uploads\/2012\/05\/Stuga-2014-rum-Beskuren-300x171.jpg 300w, https:\/\/www.persasen.se\/wordpress\/wp-content\/uploads\/2012\/05\/Stuga-2014-rum-Beskuren-1024x586.jpg 1024w, https:\/\/www.persasen.se\/wordpress\/wp-content\/uploads\/2012\/05\/Stuga-2014-rum-Beskuren-460x260.jpg 460w\" sizes=\"(max-width: 300px) 100vw, 300px\" \/><\/a><figcaption>Interi\u00f6r i nyrenoverad timmerstuga f\u00f6r sj\u00e4lvservice.<\/figcaption><\/figure><\/div>\n\n\n\n<div class=\"wp-block-image\"><figure class=\"aligncenter\"><a href=\"http:\/\/www.persasen.se\/wordpress\/wp-content\/uploads\/2012\/05\/Stuga-diskb\u00e4nk-20141.jpg\"><img loading=\"lazy\" decoding=\"async\" width=\"225\" height=\"300\" src=\"http:\/\/www.persasen.se\/wordpress\/wp-content\/uploads\/2012\/05\/Stuga-diskb\u00e4nk-20141-225x300.jpg\" alt=\"K\u00f6ket i stugan.\" class=\"wp-image-1544\" srcset=\"https:\/\/www.persasen.se\/wordpress\/wp-content\/uploads\/2012\/05\/Stuga-diskb\u00e4nk-20141-225x300.jpg 225w, https:\/\/www.persasen.se\/wordpress\/wp-content\/uploads\/2012\/05\/Stuga-diskb\u00e4nk-20141-768x1024.jpg 768w, https:\/\/www.persasen.se\/wordpress\/wp-content\/uploads\/2012\/05\/Stuga-diskb\u00e4nk-20141.jpg 1536w\" sizes=\"(max-width: 225px) 100vw, 225px\" \/><\/a><figcaption>K\u00f6ket i stugan.<\/figcaption><\/figure><\/div>\n\n\n\n<div class=\"wp-block-image\"><figure class=\"aligncenter\"><a href=\"http:\/\/www.persasen.se\/wordpress\/wp-content\/uploads\/2012\/05\/Br\u00f6llopsviten-i-Pers\u00e5sen2.jpg\"><img loading=\"lazy\" decoding=\"async\" width=\"300\" height=\"212\" src=\"http:\/\/www.persasen.se\/wordpress\/wp-content\/uploads\/2012\/05\/Br\u00f6llopsviten-i-Pers\u00e5sen2-300x212.jpg\" alt=\"Br\u00f6llopssviten i Pers\u00e5sen\" class=\"wp-image-822\" srcset=\"https:\/\/www.persasen.se\/wordpress\/wp-content\/uploads\/2012\/05\/Br\u00f6llopsviten-i-Pers\u00e5sen2-300x212.jpg 300w, https:\/\/www.persasen.se\/wordpress\/wp-content\/uploads\/2012\/05\/Br\u00f6llopsviten-i-Pers\u00e5sen2-1024x726.jpg 1024w, https:\/\/www.persasen.se\/wordpress\/wp-content\/uploads\/2012\/05\/Br\u00f6llopsviten-i-Pers\u00e5sen2.jpg 1280w\" sizes=\"(max-width: 300px) 100vw, 300px\" \/><\/a><figcaption>Sviten med \u00e4ggformad s\u00e4ng , bubbelbad och \u00f6ppen spis.<\/figcaption><\/figure><\/div>\n\n\n\n<div class=\"wp-block-image\"><figure class=\"aligncenter\"><a href=\"http:\/\/www.persasen.se\/wordpress\/wp-content\/uploads\/2012\/05\/hotell.jpg\"><img loading=\"lazy\" decoding=\"async\" width=\"300\" height=\"169\" src=\"http:\/\/www.persasen.se\/wordpress\/wp-content\/uploads\/2012\/05\/hotell-300x169.jpg\" alt=\"hotell\" class=\"wp-image-398\" srcset=\"https:\/\/www.persasen.se\/wordpress\/wp-content\/uploads\/2012\/05\/hotell-300x169.jpg 300w, https:\/\/www.persasen.se\/wordpress\/wp-content\/uploads\/2012\/05\/hotell.jpg 460w\" sizes=\"(max-width: 300px) 100vw, 300px\" \/><\/a><figcaption>Hotellrum inredda med olika tr\u00e4slag. Denna bild fr\u00e5n rummet med bl\u00e5nad fura.<\/figcaption><\/figure><\/div>\n\n\n\n<div class=\"wp-block-image\"><figure class=\"aligncenter\"><a href=\"http:\/\/www.persasen.se\/wordpress\/wp-content\/uploads\/2012\/05\/stugor.jpg\"><img loading=\"lazy\" decoding=\"async\" width=\"300\" height=\"169\" src=\"http:\/\/www.persasen.se\/wordpress\/wp-content\/uploads\/2012\/05\/stugor-300x169.jpg\" alt=\"Vandrarhemsrum-stuga i vintertid.\" class=\"wp-image-392\" srcset=\"https:\/\/www.persasen.se\/wordpress\/wp-content\/uploads\/2012\/05\/stugor-300x169.jpg 300w, https:\/\/www.persasen.se\/wordpress\/wp-content\/uploads\/2012\/05\/stugor.jpg 460w\" sizes=\"(max-width: 300px) 100vw, 300px\" \/><\/a><figcaption>Stuga f\u00f6r sj\u00e4lvservice i vintertid.<\/figcaption><\/figure><\/div>\n\n\n\n<div class=\"wp-block-image\"><figure class=\"aligncenter size-large\"><a href=\"https:\/\/www.persasen.se\/wordpress\/wp-content\/uploads\/2012\/05\/img_0639_artikel.jpg\"><img loading=\"lazy\" decoding=\"async\" width=\"300\" height=\"200\" src=\"https:\/\/www.persasen.se\/wordpress\/wp-content\/uploads\/2012\/05\/img_0639_artikel.jpg\" alt=\"\" class=\"wp-image-596\"\/><\/a><figcaption>Verkstadsaktivitet<\/figcaption><\/figure><\/div>\n\n\n\n<div class=\"wp-block-image\"><figure class=\"aligncenter size-large is-resized\"><a href=\"https:\/\/www.persasen.se\/wordpress\/wp-content\/uploads\/2021\/01\/M5B5515.jpeg\"><img decoding=\"async\" src=\"https:\/\/www.persasen.se\/wordpress\/wp-content\/uploads\/2021\/01\/M5B5515.jpeg\" alt=\"\" class=\"wp-image-2916\" width=\"-148\" height=\"-101\" srcset=\"https:\/\/www.persasen.se\/wordpress\/wp-content\/uploads\/2021\/01\/M5B5515.jpeg 800w, https:\/\/www.persasen.se\/wordpress\/wp-content\/uploads\/2021\/01\/M5B5515-300x207.jpeg 300w, https:\/\/www.persasen.se\/wordpress\/wp-content\/uploads\/2021\/01\/M5B5515-768x531.jpeg 768w\" sizes=\"(max-width: 800px) 100vw, 800px\" \/><\/a><figcaption>K\u00e4lkrace<\/figcaption><\/figure><\/div>\n\n\n\n<p><\/p>\n","protected":false},"excerpt":{"rendered":"<p>V\u00e4lkomna till v\u00e5ra hotellrum,&nbsp;nyrenoverade stugor och svit.&nbsp;Stugorna g\u00e5r \u00e4ven&nbsp;att boka som STF vandrarhem!Sommartid har vi \u00e4ven rum med 2-4 b\u00e4ddar f\u00f6r sj\u00e4lvservice. Boka boende Online<\/p>\n","protected":false},"author":1,"featured_media":3307,"parent":0,"menu_order":0,"comment_status":"closed","ping_status":"open","template":"","meta":{"_monsterinsights_skip_tracking":false,"_monsterinsights_sitenote_active":false,"_monsterinsights_sitenote_note":"","_monsterinsights_sitenote_category":0,"ngg_post_thumbnail":0,"footnotes":"","_links_to":"","_links_to_target":""},"class_list":["post-28","page","type-page","status-publish","has-post-thumbnail","no-comments"],"yoast_head":"<!-- This site is optimized with the Yoast SEO plugin v16.2 - https:\/\/yoast.com\/wordpress\/plugins\/seo\/ -->\n<title>Boende hos oss - Pers\u00e5sen<\/title>\n<meta name=\"robots\" content=\"index, follow, max-snippet:-1, max-image-preview:large, max-video-preview:-1\" \/>\n<link rel=\"canonical\" href=\"https:\/\/www.persasen.se\/wordpress\/boende\/\" \/>\n<meta name=\"twitter:label1\" content=\"Est. reading time\">\n\t<meta name=\"twitter:data1\" content=\"10 minutes\">\n<script type=\"application\/ld+json\" class=\"yoast-schema-graph\">{\"@context\":\"https:\/\/schema.org\",\"@graph\":[{\"@type\":\"WebSite\",\"@id\":\"https:\/\/www.persasen.se\/wordpress\/#website\",\"url\":\"https:\/\/www.persasen.se\/wordpress\/\",\"name\":\"Pers\\u00e5sen\",\"description\":\"\",\"potentialAction\":[{\"@type\":\"SearchAction\",\"target\":\"https:\/\/www.persasen.se\/wordpress\/?s={search_term_string}\",\"query-input\":\"required name=search_term_string\"}],\"inLanguage\":\"en-US\"},{\"@type\":\"ImageObject\",\"@id\":\"https:\/\/www.persasen.se\/wordpress\/boende\/#primaryimage\",\"inLanguage\":\"en-US\",\"url\":\"https:\/\/www.persasen.se\/wordpress\/wp-content\/uploads\/2024\/01\/stugor.jpg\",\"contentUrl\":\"https:\/\/www.persasen.se\/wordpress\/wp-content\/uploads\/2024\/01\/stugor.jpg\",\"width\":1394,\"height\":909},{\"@type\":\"WebPage\",\"@id\":\"https:\/\/www.persasen.se\/wordpress\/boende\/#webpage\",\"url\":\"https:\/\/www.persasen.se\/wordpress\/boende\/\",\"name\":\"Boende hos oss - Pers\\u00e5sen\",\"isPartOf\":{\"@id\":\"https:\/\/www.persasen.se\/wordpress\/#website\"},\"primaryImageOfPage\":{\"@id\":\"https:\/\/www.persasen.se\/wordpress\/boende\/#primaryimage\"},\"datePublished\":\"2012-05-29T11:14:00+00:00\",\"dateModified\":\"2024-01-29T09:43:12+00:00\",\"breadcrumb\":{\"@id\":\"https:\/\/www.persasen.se\/wordpress\/boende\/#breadcrumb\"},\"inLanguage\":\"en-US\",\"potentialAction\":[{\"@type\":\"ReadAction\",\"target\":[\"https:\/\/www.persasen.se\/wordpress\/boende\/\"]}]},{\"@type\":\"BreadcrumbList\",\"@id\":\"https:\/\/www.persasen.se\/wordpress\/boende\/#breadcrumb\",\"itemListElement\":[{\"@type\":\"ListItem\",\"position\":1,\"item\":{\"@type\":\"WebPage\",\"@id\":\"https:\/\/www.persasen.se\/wordpress\/\",\"url\":\"https:\/\/www.persasen.se\/wordpress\/\",\"name\":\"Hem\"}},{\"@type\":\"ListItem\",\"position\":2,\"item\":{\"@id\":\"https:\/\/www.persasen.se\/wordpress\/boende\/#webpage\"}}]}]}<\/script>\n<!-- \/ Yoast SEO plugin. -->","_links":{"self":[{"href":"https:\/\/www.persasen.se\/wordpress\/wp-json\/wp\/v2\/pages\/28"}],"collection":[{"href":"https:\/\/www.persasen.se\/wordpress\/wp-json\/wp\/v2\/pages"}],"about":[{"href":"https:\/\/www.persasen.se\/wordpress\/wp-json\/wp\/v2\/types\/page"}],"author":[{"embeddable":true,"href":"https:\/\/www.persasen.se\/wordpress\/wp-json\/wp\/v2\/users\/1"}],"replies":[{"embeddable":true,"href":"https:\/\/www.persasen.se\/wordpress\/wp-json\/wp\/v2\/comments?post=28"}],"version-history":[{"count":44,"href":"https:\/\/www.persasen.se\/wordpress\/wp-json\/wp\/v2\/pages\/28\/revisions"}],"predecessor-version":[{"id":3349,"href":"https:\/\/www.persasen.se\/wordpress\/wp-json\/wp\/v2\/pages\/28\/revisions\/3349"}],"wp:featuredmedia":[{"embeddable":true,"href":"https:\/\/www.persasen.se\/wordpress\/wp-json\/wp\/v2\/media\/3307"}],"wp:attachment":[{"href":"https:\/\/www.persasen.se\/wordpress\/wp-json\/wp\/v2\/media?parent=28"}],"curies":[{"name":"wp","href":"https:\/\/api.w.org\/{rel}","templated":true}]}}