{"id":2730,"date":"2020-06-03T14:44:06","date_gmt":"2020-06-03T12:44:06","guid":{"rendered":"http:\/\/www.persasen.se\/wordpress\/?page_id=2730"},"modified":"2020-10-14T13:42:26","modified_gmt":"2020-10-14T11:42:26","slug":"english","status":"publish","type":"page","link":"https:\/\/www.persasen.se\/wordpress\/english\/","title":{"rendered":"English"},"content":{"rendered":"<h2 style=\"text-align: left;\">Welcome to Wikners i Pers\u00e5sen!<br \/>\n<a href=\"http:\/\/www.persasen.se\/wordpress\/wp-content\/uploads\/2012\/05\/Hoverberg.jpg\"><img loading=\"lazy\" decoding=\"async\" class=\"size-medium wp-image-1454 alignnone\" src=\"http:\/\/www.persasen.se\/wordpress\/wp-content\/uploads\/2012\/05\/Hoverberg-300x178.jpg\" alt=\"\" width=\"300\" height=\"178\" srcset=\"https:\/\/www.persasen.se\/wordpress\/wp-content\/uploads\/2012\/05\/Hoverberg-300x178.jpg 300w, https:\/\/www.persasen.se\/wordpress\/wp-content\/uploads\/2012\/05\/Hoverberg-1024x609.jpg 1024w\" sizes=\"(max-width: 300px) 100vw, 300px\" \/><\/a> <a href=\"http:\/\/www.persasen.se\/wordpress\/wp-content\/uploads\/2012\/05\/utsikt.jpg\"><img loading=\"lazy\" decoding=\"async\" class=\"size-medium wp-image-1631 alignnone\" src=\"http:\/\/www.persasen.se\/wordpress\/wp-content\/uploads\/2012\/05\/utsikt-300x193.jpg\" alt=\"\" width=\"300\" height=\"193\" srcset=\"https:\/\/www.persasen.se\/wordpress\/wp-content\/uploads\/2012\/05\/utsikt-300x193.jpg 300w, https:\/\/www.persasen.se\/wordpress\/wp-content\/uploads\/2012\/05\/utsikt-1024x660.jpg 1024w, https:\/\/www.persasen.se\/wordpress\/wp-content\/uploads\/2012\/05\/utsikt.jpg 1386w\" sizes=\"(max-width: 300px) 100vw, 300px\" \/><\/a> <a href=\"http:\/\/www.persasen.se\/wordpress\/wp-content\/uploads\/2012\/10\/IMG_2175.jpg\"><img loading=\"lazy\" decoding=\"async\" class=\"size-medium wp-image-805 alignnone\" src=\"http:\/\/www.persasen.se\/wordpress\/wp-content\/uploads\/2012\/10\/IMG_2175-300x172.jpg\" alt=\"Julst\u00e4mning i Pers\u00e5sen.\" width=\"300\" height=\"172\" srcset=\"https:\/\/www.persasen.se\/wordpress\/wp-content\/uploads\/2012\/10\/IMG_2175-300x172.jpg 300w, https:\/\/www.persasen.se\/wordpress\/wp-content\/uploads\/2012\/10\/IMG_2175-1024x588.jpg 1024w\" sizes=\"(max-width: 300px) 100vw, 300px\" \/><\/a> &nbsp;<a href=\"http:\/\/www.persasen.se\/wordpress\/wp-content\/uploads\/2012\/09\/E0C2629_web.jpg\"><img loading=\"lazy\" decoding=\"async\" class=\"aligncenter size-medium wp-image-690\" src=\"http:\/\/www.persasen.se\/wordpress\/wp-content\/uploads\/2012\/09\/E0C2629_web-300x200.jpg\" alt=\"\" width=\"300\" height=\"200\" srcset=\"https:\/\/www.persasen.se\/wordpress\/wp-content\/uploads\/2012\/09\/E0C2629_web-300x200.jpg 300w, https:\/\/www.persasen.se\/wordpress\/wp-content\/uploads\/2012\/09\/E0C2629_web.jpg 850w\" sizes=\"(max-width: 300px) 100vw, 300px\" \/><\/a><\/h2>\n<p style=\"text-align: left;\"><span class=\"cb_txt_emph category\">Hostel, cottages and hotel in&nbsp;<\/span>Pers\u00e5sen lies&nbsp;60 km southwest of \u00d6stersund and offers unique accommodation close to the Oviken mountains,<br \/>\nin association with the Wikner manufacture of wooden home furnishing products that started in 1969.<br \/>\nHere you will find exhibitions and sales of both Wikner\u2019s own products and those of other craftsmen.<\/p>\n<p><a href=\"http:\/\/www.persasen.se\/kontakt\/oppettider\/\">Click here for hours<\/a><\/p>\n<h1>Timbered cottages<\/h1>\n<p>The rooms have been designed and furnished based on classic Swedish woods.<br \/>\nGuests can stay in timbered 4-bed cabins with a shower, toilet and small self-contained kitchen. Linens are available to rent at reception.<br \/>\nTo book a final cleaning of the cottage you have to contact the reception +46 643445550.<br \/>\n<a href=\"http:\/\/www.persasen.se\/wordpress\/wp-content\/uploads\/2012\/05\/stuga.jpg\"><img loading=\"lazy\" decoding=\"async\" class=\"size-medium wp-image-390 alignleft\" src=\"http:\/\/www.persasen.se\/wordpress\/wp-content\/uploads\/2012\/05\/stuga-300x201.jpg\" alt=\"\" width=\"300\" height=\"201\" srcset=\"https:\/\/www.persasen.se\/wordpress\/wp-content\/uploads\/2012\/05\/stuga-300x201.jpg 300w, https:\/\/www.persasen.se\/wordpress\/wp-content\/uploads\/2012\/05\/stuga-1024x688.jpg 1024w\" sizes=\"(max-width: 300px) 100vw, 300px\" \/><\/a> <a href=\"http:\/\/www.persasen.se\/wordpress\/wp-content\/uploads\/2012\/05\/Stuga-2014-k\u00f6k-1.jpg\"><img loading=\"lazy\" decoding=\"async\" class=\"size-medium wp-image-1553 alignnone\" src=\"http:\/\/www.persasen.se\/wordpress\/wp-content\/uploads\/2012\/05\/Stuga-2014-k\u00f6k-1-300x174.jpg\" alt=\"\" width=\"300\" height=\"174\" srcset=\"https:\/\/www.persasen.se\/wordpress\/wp-content\/uploads\/2012\/05\/Stuga-2014-k\u00f6k-1-300x174.jpg 300w, https:\/\/www.persasen.se\/wordpress\/wp-content\/uploads\/2012\/05\/Stuga-2014-k\u00f6k-1-1024x595.jpg 1024w\" sizes=\"(max-width: 300px) 100vw, 300px\" \/><\/a><\/p>\n<figure id=\"attachment_1552\" aria-describedby=\"caption-attachment-1552\" style=\"width: 300px\" class=\"wp-caption alignnone\"><a href=\"http:\/\/www.persasen.se\/wordpress\/wp-content\/uploads\/2012\/05\/Stuga-i-Pers\u00e5sen-Sommartid-beskuren.jpg\"><img loading=\"lazy\" decoding=\"async\" class=\"size-medium wp-image-1552\" src=\"http:\/\/www.persasen.se\/wordpress\/wp-content\/uploads\/2012\/05\/Stuga-i-Pers\u00e5sen-Sommartid-beskuren-300x191.jpg\" alt=\"\" width=\"300\" height=\"191\" srcset=\"https:\/\/www.persasen.se\/wordpress\/wp-content\/uploads\/2012\/05\/Stuga-i-Pers\u00e5sen-Sommartid-beskuren-300x191.jpg 300w, https:\/\/www.persasen.se\/wordpress\/wp-content\/uploads\/2012\/05\/Stuga-i-Pers\u00e5sen-Sommartid-beskuren-1024x654.jpg 1024w, https:\/\/www.persasen.se\/wordpress\/wp-content\/uploads\/2012\/05\/Stuga-i-Pers\u00e5sen-Sommartid-beskuren.jpg 1121w\" sizes=\"(max-width: 300px) 100vw, 300px\" \/><\/a><figcaption id=\"caption-attachment-1552\" class=\"wp-caption-text\">STF vandrarhemsstugor i sommatid.<\/figcaption><\/figure>\n<figure id=\"attachment_1551\" aria-describedby=\"caption-attachment-1551\" style=\"width: 300px\" class=\"wp-caption alignleft\"><a href=\"http:\/\/www.persasen.se\/wordpress\/wp-content\/uploads\/2012\/05\/Stuga-2014-rum-Beskuren.jpg\"><img loading=\"lazy\" decoding=\"async\" class=\"size-medium wp-image-1551\" src=\"http:\/\/www.persasen.se\/wordpress\/wp-content\/uploads\/2012\/05\/Stuga-2014-rum-Beskuren-300x171.jpg\" alt=\"Interi\u00f6r i nyrenoverad vandrarhemsstuga.\" width=\"300\" height=\"171\" srcset=\"https:\/\/www.persasen.se\/wordpress\/wp-content\/uploads\/2012\/05\/Stuga-2014-rum-Beskuren-300x171.jpg 300w, https:\/\/www.persasen.se\/wordpress\/wp-content\/uploads\/2012\/05\/Stuga-2014-rum-Beskuren-1024x586.jpg 1024w, https:\/\/www.persasen.se\/wordpress\/wp-content\/uploads\/2012\/05\/Stuga-2014-rum-Beskuren-460x260.jpg 460w\" sizes=\"(max-width: 300px) 100vw, 300px\" \/><\/a><figcaption id=\"caption-attachment-1551\" class=\"wp-caption-text\">Interi\u00f6r i nyrenoverad vandrarhemsstuga.<\/figcaption><\/figure>\n<h1><a href=\"http:\/\/www.persasen.se\/wordpress\/wp-content\/uploads\/2012\/05\/Stugbild-5.jpg\"><img loading=\"lazy\" decoding=\"async\" class=\"size-medium wp-image-1632 alignnone\" src=\"http:\/\/www.persasen.se\/wordpress\/wp-content\/uploads\/2012\/05\/Stugbild-5-300x198.jpg\" alt=\"\" width=\"300\" height=\"198\" srcset=\"https:\/\/www.persasen.se\/wordpress\/wp-content\/uploads\/2012\/05\/Stugbild-5-300x198.jpg 300w, https:\/\/www.persasen.se\/wordpress\/wp-content\/uploads\/2012\/05\/Stugbild-5.jpg 780w\" sizes=\"(max-width: 300px) 100vw, 300px\" \/><\/a><\/h1>\n<p>Enjoy a few days in the Lake Storsj\u00f6n area in a pleasant, timbered 4-bed cottage. All cottages are equipped with fridge, kitchenette, shower, toilet, TV and clock radio.<\/p>\n<p>There is also a bigger cottage with separate bedroom with 2 beds, kitchen with built-in bunk beds and a sofa bed in the living room with an open fire place and TV. The larger cottage has a patio with an open fire place. Otherwise it is as well-equipped as the smaller cottages. Bed linen is available for rent. Furthermore there is a corner sofa that can be converted into a bed if more beds are needed.<\/p>\n<p id=\"tw-target-text\" class=\"tw-data-text tw-text-large XcVN5d tw-ta\" dir=\"ltr\" data-placeholder=\"\u00d6vers\u00e4ttning\"><a href=\"https:\/\/online.bookvisit.com\/accommodation\/list?channelId=9ef3a2bd-cd2e-4608-b5c4-02294b9aecef\"><span lang=\"en\">Click here to book accommodation<\/span><\/a><\/p>\n<h1>STF Hostel and Hotel<\/h1>\n<p>Members in STF (the Swedish tourist association) can reserve our beautiful timbered cottages as \u201cSTF hostel\u201d.<br \/>\nThe cottages are equipped with its own shower, toilet, TV, fridge and kitchenette. In the reception there is bed linen for rent.<br \/>\nThe hotel rooms in Pers\u00e5sen are designed and decorated in different types of classic Swedish woods.<br \/>\nYou are staying scenic in the middle of the lake Storsj\u00f6 area.&nbsp;<\/p>\n<p>Near the hotel and the cabins there is a gift shop, furniture mall, art mall and exhibitions.<\/p>\n<p>Please note you need to be a member in STF to get the hostel prices. You can offcourse stay anyway, but You will get a better price if you are member in STF<br \/>\nMembership can be purchased in Pers\u00e5sen. For more information regarding membership please go to STFs home page at <a href=\"https:\/\/www.swedishtouristassociation.com\/join-stf\/?_ga=2.104485960.939924172.1591259138-2130413315.1591259138\">www.stfturist.se<\/a>.<br \/>\nFor non-members 50SEK\/night per person and adult and 25SEK\/night per child over 6 years will be added.<br \/>\n<a href=\"http:\/\/www.persasen.se\/wordpress\/wp-content\/uploads\/2012\/05\/hotell.jpg\"><img loading=\"lazy\" decoding=\"async\" class=\"size-medium wp-image-398 alignnone\" src=\"http:\/\/www.persasen.se\/wordpress\/wp-content\/uploads\/2012\/05\/hotell-300x169.jpg\" alt=\"\" width=\"300\" height=\"169\" srcset=\"https:\/\/www.persasen.se\/wordpress\/wp-content\/uploads\/2012\/05\/hotell-300x169.jpg 300w, https:\/\/www.persasen.se\/wordpress\/wp-content\/uploads\/2012\/05\/hotell.jpg 460w\" sizes=\"(max-width: 300px) 100vw, 300px\" \/><\/a> <a href=\"http:\/\/www.persasen.se\/wordpress\/wp-content\/uploads\/2012\/05\/Br\u00f6llopsviten-i-Pers\u00e5sen1.jpg\"><img loading=\"lazy\" decoding=\"async\" class=\"size-medium wp-image-821 alignnone\" src=\"http:\/\/www.persasen.se\/wordpress\/wp-content\/uploads\/2012\/05\/Br\u00f6llopsviten-i-Pers\u00e5sen1-300x212.jpg\" alt=\"Br\u00f6llopssviten i Pers\u00e5sen\" width=\"300\" height=\"212\" srcset=\"https:\/\/www.persasen.se\/wordpress\/wp-content\/uploads\/2012\/05\/Br\u00f6llopsviten-i-Pers\u00e5sen1-300x212.jpg 300w, https:\/\/www.persasen.se\/wordpress\/wp-content\/uploads\/2012\/05\/Br\u00f6llopsviten-i-Pers\u00e5sen1-1024x726.jpg 1024w, https:\/\/www.persasen.se\/wordpress\/wp-content\/uploads\/2012\/05\/Br\u00f6llopsviten-i-Pers\u00e5sen1.jpg 1280w\" sizes=\"(max-width: 300px) 100vw, 300px\" \/><\/a> <a href=\"http:\/\/www.persasen.se\/wordpress\/wp-content\/uploads\/2012\/05\/Bj\u00f6rkrummet-15-1.jpg\"><img loading=\"lazy\" decoding=\"async\" class=\"size-medium wp-image-1648 alignnone\" src=\"http:\/\/www.persasen.se\/wordpress\/wp-content\/uploads\/2012\/05\/Bj\u00f6rkrummet-15-1-300x200.jpg\" alt=\"\" width=\"300\" height=\"200\" srcset=\"https:\/\/www.persasen.se\/wordpress\/wp-content\/uploads\/2012\/05\/Bj\u00f6rkrummet-15-1-300x200.jpg 300w, https:\/\/www.persasen.se\/wordpress\/wp-content\/uploads\/2012\/05\/Bj\u00f6rkrummet-15-1-1024x682.jpg 1024w, https:\/\/www.persasen.se\/wordpress\/wp-content\/uploads\/2012\/05\/Bj\u00f6rkrummet-15-1.jpg 1280w\" sizes=\"(max-width: 300px) 100vw, 300px\" \/><\/a> <a href=\"http:\/\/www.persasen.se\/wordpress\/wp-content\/uploads\/2012\/05\/Bj\u00f6rkrummet-31-e1542870670699.jpg\"><img loading=\"lazy\" decoding=\"async\" class=\"size-medium wp-image-1647 alignnone\" src=\"http:\/\/www.persasen.se\/wordpress\/wp-content\/uploads\/2012\/05\/Bj\u00f6rkrummet-31-300x200.jpg\" alt=\"\" width=\"300\" height=\"200\"><\/a><\/p>\n<figure id=\"attachment_2733\" aria-describedby=\"caption-attachment-2733\" style=\"width: 300px\" class=\"wp-caption alignnone\"><a href=\"http:\/\/www.persasen.se\/wordpress\/wp-content\/uploads\/2012\/05\/Rum-35.jpg\"><img loading=\"lazy\" decoding=\"async\" class=\"size-medium wp-image-2733\" src=\"http:\/\/www.persasen.se\/wordpress\/wp-content\/uploads\/2012\/05\/Rum-35-300x200.jpg\" alt=\"\" width=\"300\" height=\"200\" srcset=\"https:\/\/www.persasen.se\/wordpress\/wp-content\/uploads\/2012\/05\/Rum-35-300x200.jpg 300w, https:\/\/www.persasen.se\/wordpress\/wp-content\/uploads\/2012\/05\/Rum-35-768x512.jpg 768w, https:\/\/www.persasen.se\/wordpress\/wp-content\/uploads\/2012\/05\/Rum-35-1024x682.jpg 1024w, https:\/\/www.persasen.se\/wordpress\/wp-content\/uploads\/2012\/05\/Rum-35.jpg 1280w\" sizes=\"(max-width: 300px) 100vw, 300px\" \/><\/a><figcaption id=\"caption-attachment-2733\" class=\"wp-caption-text\">Budgetrum i Pers\u00e5en<\/figcaption><\/figure>\n<h2 style=\"text-align: left;\">Restaurant<\/h2>\n<p style=\"text-align: left;\">Our restaurant and caf\u00e9 serves lovingly prepared food and pastry based on locally produced ingredients.<br \/>\nLunch is usually served every day in summertime. Updates comes near summertime.<br \/>\nBreakfast can be provided if booked in advance if you stay in cottage or hostel.<br \/>\n<a href=\"http:\/\/www.persasen.se\/wordpress\/wp-content\/uploads\/2013\/02\/E0C1610.jpg\"><img loading=\"lazy\" decoding=\"async\" class=\"size-medium wp-image-1022 alignnone\" src=\"http:\/\/www.persasen.se\/wordpress\/wp-content\/uploads\/2013\/02\/E0C1610-300x200.jpg\" alt=\"\u00c4t, drick och m\u00e5 gott i Pers\u00e5sen.\" width=\"300\" height=\"200\" srcset=\"https:\/\/www.persasen.se\/wordpress\/wp-content\/uploads\/2013\/02\/E0C1610-300x200.jpg 300w, https:\/\/www.persasen.se\/wordpress\/wp-content\/uploads\/2013\/02\/E0C1610-1024x682.jpg 1024w\" sizes=\"(max-width: 300px) 100vw, 300px\" \/><\/a> <a href=\"http:\/\/www.persasen.se\/wordpress\/wp-content\/uploads\/2013\/02\/121_2172m.jpg\"><img loading=\"lazy\" decoding=\"async\" class=\"size-medium wp-image-1021 alignnone\" src=\"http:\/\/www.persasen.se\/wordpress\/wp-content\/uploads\/2013\/02\/121_2172m-300x200.jpg\" alt=\"I glada v\u00e4nners lag!\" width=\"300\" height=\"200\" srcset=\"https:\/\/www.persasen.se\/wordpress\/wp-content\/uploads\/2013\/02\/121_2172m-300x200.jpg 300w, https:\/\/www.persasen.se\/wordpress\/wp-content\/uploads\/2013\/02\/121_2172m.jpg 800w\" sizes=\"(max-width: 300px) 100vw, 300px\" \/><\/a><\/p>\n<figure id=\"attachment_1640\" aria-describedby=\"caption-attachment-1640\" style=\"width: 195px\" class=\"wp-caption alignnone\"><a href=\"http:\/\/www.persasen.se\/wordpress\/wp-content\/uploads\/2012\/05\/E0C4057.jpg\"><img loading=\"lazy\" decoding=\"async\" class=\"size-medium wp-image-1640\" src=\"http:\/\/www.persasen.se\/wordpress\/wp-content\/uploads\/2012\/05\/E0C4057-195x300.jpg\" alt=\"\" width=\"195\" height=\"300\" srcset=\"https:\/\/www.persasen.se\/wordpress\/wp-content\/uploads\/2012\/05\/E0C4057-195x300.jpg 195w, https:\/\/www.persasen.se\/wordpress\/wp-content\/uploads\/2012\/05\/E0C4057-666x1024.jpg 666w\" sizes=\"(max-width: 195px) 100vw, 195px\" \/><\/a><figcaption id=\"caption-attachment-1640\" class=\"wp-caption-text\">H\u00e4rligt med middag efter en l\u00e5ng bussresa.<\/figcaption><\/figure>\n<h2>Giftshop and furnitureshop<\/h2>\n<p>Pers\u00e5sen lies south of \u00d6stersund and offers unique accommodation in association<br \/>\nwith the Wikner manufacture of wooden home furnishing products that started in 1969.<br \/>\nHere you will find exhibitions and sales of both Wikner\u2019s own products and those of other craftsmen.<br \/>\nWe make furniture using many different woods including sallow, larch, aspen, blue pine, beech, birch, pine and spruce.<\/p>\n<figure id=\"attachment_1681\" aria-describedby=\"caption-attachment-1681\" style=\"width: 224px\" class=\"wp-caption alignnone\"><a href=\"http:\/\/www.persasen.se\/wordpress\/wp-content\/uploads\/2015\/06\/Klokare-klot-med-h\u00e4nder.jpg\"><img loading=\"lazy\" decoding=\"async\" class=\"size-medium wp-image-1681\" src=\"http:\/\/www.persasen.se\/wordpress\/wp-content\/uploads\/2015\/06\/Klokare-klot-med-h\u00e4nder-224x300.jpg\" alt=\"\" width=\"224\" height=\"300\" srcset=\"https:\/\/www.persasen.se\/wordpress\/wp-content\/uploads\/2015\/06\/Klokare-klot-med-h\u00e4nder-224x300.jpg 224w, https:\/\/www.persasen.se\/wordpress\/wp-content\/uploads\/2015\/06\/Klokare-klot-med-h\u00e4nder-764x1024.jpg 764w, https:\/\/www.persasen.se\/wordpress\/wp-content\/uploads\/2015\/06\/Klokare-klot-med-h\u00e4nder.jpg 895w\" sizes=\"(max-width: 224px) 100vw, 224px\" \/><\/a><figcaption id=\"caption-attachment-1681\" class=\"wp-caption-text\">Leifs Klokare Klot<\/figcaption><\/figure>\n<p><a href=\"http:\/\/www.persasen.se\/wordpress\/wp-content\/uploads\/2012\/06\/agg.jpg\"><img loading=\"lazy\" decoding=\"async\" class=\"size-medium wp-image-580 alignnone\" src=\"http:\/\/www.persasen.se\/wordpress\/wp-content\/uploads\/2012\/06\/agg-300x86.jpg\" alt=\"\" width=\"300\" height=\"86\" srcset=\"https:\/\/www.persasen.se\/wordpress\/wp-content\/uploads\/2012\/06\/agg-300x86.jpg 300w, https:\/\/www.persasen.se\/wordpress\/wp-content\/uploads\/2012\/06\/agg-930x268.jpg 930w, https:\/\/www.persasen.se\/wordpress\/wp-content\/uploads\/2012\/06\/agg.jpg 933w\" sizes=\"(max-width: 300px) 100vw, 300px\" \/><\/a><a href=\"http:\/\/www.persasen.se\/wordpress\/wp-content\/uploads\/2018\/11\/Bild-p\u00e5-skeppetlampa.jpg\"> <img loading=\"lazy\" decoding=\"async\" class=\"size-medium wp-image-2396 alignnone\" src=\"http:\/\/www.persasen.se\/wordpress\/wp-content\/uploads\/2018\/11\/Bild-p\u00e5-skeppetlampa-225x300.jpg\" alt=\"\" width=\"225\" height=\"300\" srcset=\"https:\/\/www.persasen.se\/wordpress\/wp-content\/uploads\/2018\/11\/Bild-p\u00e5-skeppetlampa-225x300.jpg 225w, https:\/\/www.persasen.se\/wordpress\/wp-content\/uploads\/2018\/11\/Bild-p\u00e5-skeppetlampa.jpg 700w\" sizes=\"(max-width: 225px) 100vw, 225px\" \/><\/a><a href=\"http:\/\/www.persasen.se\/wordpress\/wp-content\/uploads\/2012\/07\/bildslide41.jpg\"><img loading=\"lazy\" decoding=\"async\" class=\"size-medium wp-image-630 alignnone\" src=\"http:\/\/www.persasen.se\/wordpress\/wp-content\/uploads\/2012\/07\/bildslide41-300x168.jpg\" alt=\"\" width=\"300\" height=\"168\" srcset=\"https:\/\/www.persasen.se\/wordpress\/wp-content\/uploads\/2012\/07\/bildslide41-300x168.jpg 300w, https:\/\/www.persasen.se\/wordpress\/wp-content\/uploads\/2012\/07\/bildslide41.jpg 640w\" sizes=\"(max-width: 300px) 100vw, 300px\" \/><\/a> <a href=\"http:\/\/www.persasen.se\/wordpress\/wp-content\/uploads\/2012\/05\/2.jpg\"><img loading=\"lazy\" decoding=\"async\" class=\"size-medium wp-image-832 alignleft\" src=\"http:\/\/www.persasen.se\/wordpress\/wp-content\/uploads\/2012\/05\/2-199x300.jpg\" alt=\"Tupptextilier\" width=\"199\" height=\"300\" srcset=\"https:\/\/www.persasen.se\/wordpress\/wp-content\/uploads\/2012\/05\/2-199x300.jpg 199w, https:\/\/www.persasen.se\/wordpress\/wp-content\/uploads\/2012\/05\/2-681x1024.jpg 681w\" sizes=\"(max-width: 199px) 100vw, 199px\" \/><\/a><\/p>\n<p>&nbsp;&nbsp;<a href=\"http:\/\/www.persasen.se\/wordpress\/wp-content\/uploads\/2012\/09\/E0C2629_web.jpg\"><img loading=\"lazy\" decoding=\"async\" class=\"size-medium wp-image-690 alignnone\" src=\"http:\/\/www.persasen.se\/wordpress\/wp-content\/uploads\/2012\/09\/E0C2629_web-300x200.jpg\" alt=\"\" width=\"300\" height=\"200\" srcset=\"https:\/\/www.persasen.se\/wordpress\/wp-content\/uploads\/2012\/09\/E0C2629_web-300x200.jpg 300w, https:\/\/www.persasen.se\/wordpress\/wp-content\/uploads\/2012\/09\/E0C2629_web.jpg 850w\" sizes=\"(max-width: 300px) 100vw, 300px\" \/><\/a><\/p>\n<h2>To see and do<\/h2>\n<p>The region is a heaven for ski enthusiasts and jig fishers. It also holds a wealth of possibilities during summer, when the focus on the mountains turns to hiking and cycling. The countryside around Storsj\u00f6n, Sweden\u2019s fifth biggest lake, is exceptionally beautiful and diverse with a rich cultural heritage. The area from Pers\u00e5sen and towards the mountains is famous for its f\u00e4bodar \u2013 traditional pastoral huts. Visit Hoverberget with views to up to 13 churches and which also hides Sweden&#8217;s deepest cleft cave, open for visits summer.<\/p>\n<p><a href=\"http:\/\/www.persasen.se\/wordpress\/wp-content\/uploads\/2012\/05\/Kopia-av-2.jpg\"><img loading=\"lazy\" decoding=\"async\" class=\"size-medium wp-image-1542 alignnone\" src=\"http:\/\/www.persasen.se\/wordpress\/wp-content\/uploads\/2012\/05\/Kopia-av-2-300x199.jpg\" alt=\"\" width=\"300\" height=\"199\" srcset=\"https:\/\/www.persasen.se\/wordpress\/wp-content\/uploads\/2012\/05\/Kopia-av-2-300x199.jpg 300w, https:\/\/www.persasen.se\/wordpress\/wp-content\/uploads\/2012\/05\/Kopia-av-2-1024x682.jpg 1024w, https:\/\/www.persasen.se\/wordpress\/wp-content\/uploads\/2012\/05\/Kopia-av-2.jpg 1280w\" sizes=\"(max-width: 300px) 100vw, 300px\" \/><\/a> <a href=\"http:\/\/www.persasen.se\/wordpress\/wp-content\/uploads\/2012\/05\/Vandring-till-Lj\u00e5buan.jpg\"><img loading=\"lazy\" decoding=\"async\" class=\"size-medium wp-image-1469 alignnone\" src=\"http:\/\/www.persasen.se\/wordpress\/wp-content\/uploads\/2012\/05\/Vandring-till-Lj\u00e5buan-300x200.jpg\" alt=\"\" width=\"300\" height=\"200\" srcset=\"https:\/\/www.persasen.se\/wordpress\/wp-content\/uploads\/2012\/05\/Vandring-till-Lj\u00e5buan-300x200.jpg 300w, https:\/\/www.persasen.se\/wordpress\/wp-content\/uploads\/2012\/05\/Vandring-till-Lj\u00e5buan-1024x682.jpg 1024w\" sizes=\"(max-width: 300px) 100vw, 300px\" \/><\/a> <a href=\"http:\/\/www.persasen.se\/wordpress\/wp-content\/uploads\/2012\/05\/E0C7708.jpg\"><img loading=\"lazy\" decoding=\"async\" class=\"size-medium wp-image-1448 alignnone\" src=\"http:\/\/www.persasen.se\/wordpress\/wp-content\/uploads\/2012\/05\/E0C7708-300x163.jpg\" alt=\"\" width=\"300\" height=\"163\" srcset=\"https:\/\/www.persasen.se\/wordpress\/wp-content\/uploads\/2012\/05\/E0C7708-300x163.jpg 300w, https:\/\/www.persasen.se\/wordpress\/wp-content\/uploads\/2012\/05\/E0C7708-1024x557.jpg 1024w\" sizes=\"(max-width: 300px) 100vw, 300px\" \/><\/a> <a href=\"http:\/\/www.persasen.se\/wordpress\/wp-content\/uploads\/2020\/05\/IMG_2383.jpg\"><img loading=\"lazy\" decoding=\"async\" class=\"size-medium wp-image-2718 alignnone\" src=\"http:\/\/www.persasen.se\/wordpress\/wp-content\/uploads\/2020\/05\/IMG_2383-300x212.jpg\" alt=\"\" width=\"300\" height=\"212\" srcset=\"https:\/\/www.persasen.se\/wordpress\/wp-content\/uploads\/2020\/05\/IMG_2383-300x212.jpg 300w, https:\/\/www.persasen.se\/wordpress\/wp-content\/uploads\/2020\/05\/IMG_2383-768x542.jpg 768w, https:\/\/www.persasen.se\/wordpress\/wp-content\/uploads\/2020\/05\/IMG_2383-1024x723.jpg 1024w, https:\/\/www.persasen.se\/wordpress\/wp-content\/uploads\/2020\/05\/IMG_2383.jpg 1200w\" sizes=\"(max-width: 300px) 100vw, 300px\" \/><\/a> <a href=\"http:\/\/www.persasen.se\/wordpress\/wp-content\/uploads\/2018\/11\/Vattenfallet-Hovermo2.jpg\"><img loading=\"lazy\" decoding=\"async\" class=\"size-medium wp-image-2425 alignnone\" src=\"http:\/\/www.persasen.se\/wordpress\/wp-content\/uploads\/2018\/11\/Vattenfallet-Hovermo2-300x225.jpg\" alt=\"\" width=\"300\" height=\"225\" srcset=\"https:\/\/www.persasen.se\/wordpress\/wp-content\/uploads\/2018\/11\/Vattenfallet-Hovermo2-300x225.jpg 300w, https:\/\/www.persasen.se\/wordpress\/wp-content\/uploads\/2018\/11\/Vattenfallet-Hovermo2-768x576.jpg 768w, https:\/\/www.persasen.se\/wordpress\/wp-content\/uploads\/2018\/11\/Vattenfallet-Hovermo2-1024x768.jpg 1024w, https:\/\/www.persasen.se\/wordpress\/wp-content\/uploads\/2018\/11\/Vattenfallet-Hovermo2.jpg 1245w\" sizes=\"(max-width: 300px) 100vw, 300px\" \/><\/a><\/p>\n<h2>&nbsp;<\/h2>\n<h2>&nbsp;<\/h2>\n<h2>&nbsp;<\/h2>\n<h2>&nbsp;<\/h2>\n","protected":false},"excerpt":{"rendered":"<p>Welcome to Wikners i Pers\u00e5sen! &nbsp; Hostel, cottages and hotel in&nbsp;Pers\u00e5sen lies&nbsp;60 km southwest of \u00d6stersund and offers unique accommodation close to the Oviken mountains, in association with the Wikner manufacture of wooden home furnishing products that started in 1969. Here you will find exhibitions and sales of both Wikner\u2019s own products and those of &hellip; <\/p>\n<div class=\"more-link-wrapper\"><a href=\"https:\/\/www.persasen.se\/wordpress\/english\/\" class=\"more-link\">Continue reading<span class=\"screen-reader-text\"> &#8220;English&#8221;<\/span><\/a><\/div>\n","protected":false},"author":2,"featured_media":0,"parent":0,"menu_order":0,"comment_status":"closed","ping_status":"closed","template":"","meta":{"_monsterinsights_skip_tracking":false,"_monsterinsights_sitenote_active":false,"_monsterinsights_sitenote_note":"","_monsterinsights_sitenote_category":0,"ngg_post_thumbnail":0,"footnotes":"","_links_to":"","_links_to_target":""},"class_list":["post-2730","page","type-page","status-publish","no-comments"],"yoast_head":"<!-- This site is optimized with the Yoast SEO plugin v16.2 - https:\/\/yoast.com\/wordpress\/plugins\/seo\/ -->\n<title>English - Pers\u00e5sen<\/title>\n<meta name=\"robots\" content=\"index, follow, max-snippet:-1, max-image-preview:large, max-video-preview:-1\" \/>\n<link rel=\"canonical\" href=\"https:\/\/www.persasen.se\/wordpress\/english\/\" \/>\n<meta name=\"twitter:label1\" content=\"Est. reading time\">\n\t<meta name=\"twitter:data1\" content=\"3 minutes\">\n<script type=\"application\/ld+json\" class=\"yoast-schema-graph\">{\"@context\":\"https:\/\/schema.org\",\"@graph\":[{\"@type\":\"WebSite\",\"@id\":\"https:\/\/www.persasen.se\/wordpress\/#website\",\"url\":\"https:\/\/www.persasen.se\/wordpress\/\",\"name\":\"Pers\\u00e5sen\",\"description\":\"\",\"potentialAction\":[{\"@type\":\"SearchAction\",\"target\":\"https:\/\/www.persasen.se\/wordpress\/?s={search_term_string}\",\"query-input\":\"required name=search_term_string\"}],\"inLanguage\":\"en-US\"},{\"@type\":\"ImageObject\",\"@id\":\"https:\/\/www.persasen.se\/wordpress\/english\/#primaryimage\",\"inLanguage\":\"en-US\",\"url\":\"http:\/\/www.persasen.se\/wordpress\/wp-content\/uploads\/2012\/05\/Hoverberg-300x178.jpg\",\"contentUrl\":\"http:\/\/www.persasen.se\/wordpress\/wp-content\/uploads\/2012\/05\/Hoverberg-300x178.jpg\"},{\"@type\":\"WebPage\",\"@id\":\"https:\/\/www.persasen.se\/wordpress\/english\/#webpage\",\"url\":\"https:\/\/www.persasen.se\/wordpress\/english\/\",\"name\":\"English - Pers\\u00e5sen\",\"isPartOf\":{\"@id\":\"https:\/\/www.persasen.se\/wordpress\/#website\"},\"primaryImageOfPage\":{\"@id\":\"https:\/\/www.persasen.se\/wordpress\/english\/#primaryimage\"},\"datePublished\":\"2020-06-03T12:44:06+00:00\",\"dateModified\":\"2020-10-14T11:42:26+00:00\",\"breadcrumb\":{\"@id\":\"https:\/\/www.persasen.se\/wordpress\/english\/#breadcrumb\"},\"inLanguage\":\"en-US\",\"potentialAction\":[{\"@type\":\"ReadAction\",\"target\":[\"https:\/\/www.persasen.se\/wordpress\/english\/\"]}]},{\"@type\":\"BreadcrumbList\",\"@id\":\"https:\/\/www.persasen.se\/wordpress\/english\/#breadcrumb\",\"itemListElement\":[{\"@type\":\"ListItem\",\"position\":1,\"item\":{\"@type\":\"WebPage\",\"@id\":\"https:\/\/www.persasen.se\/wordpress\/\",\"url\":\"https:\/\/www.persasen.se\/wordpress\/\",\"name\":\"Hem\"}},{\"@type\":\"ListItem\",\"position\":2,\"item\":{\"@id\":\"https:\/\/www.persasen.se\/wordpress\/english\/#webpage\"}}]}]}<\/script>\n<!-- \/ Yoast SEO plugin. -->","_links":{"self":[{"href":"https:\/\/www.persasen.se\/wordpress\/wp-json\/wp\/v2\/pages\/2730"}],"collection":[{"href":"https:\/\/www.persasen.se\/wordpress\/wp-json\/wp\/v2\/pages"}],"about":[{"href":"https:\/\/www.persasen.se\/wordpress\/wp-json\/wp\/v2\/types\/page"}],"author":[{"embeddable":true,"href":"https:\/\/www.persasen.se\/wordpress\/wp-json\/wp\/v2\/users\/2"}],"replies":[{"embeddable":true,"href":"https:\/\/www.persasen.se\/wordpress\/wp-json\/wp\/v2\/comments?post=2730"}],"version-history":[{"count":17,"href":"https:\/\/www.persasen.se\/wordpress\/wp-json\/wp\/v2\/pages\/2730\/revisions"}],"predecessor-version":[{"id":2793,"href":"https:\/\/www.persasen.se\/wordpress\/wp-json\/wp\/v2\/pages\/2730\/revisions\/2793"}],"wp:attachment":[{"href":"https:\/\/www.persasen.se\/wordpress\/wp-json\/wp\/v2\/media?parent=2730"}],"curies":[{"name":"wp","href":"https:\/\/api.w.org\/{rel}","templated":true}]}}